{"id":3081,"date":"2023-04-10T16:44:00","date_gmt":"2023-04-10T14:44:00","guid":{"rendered":"https:\/\/www.aism.lu\/?post_type=messages&#038;p=3081"},"modified":"2023-06-01T08:33:14","modified_gmt":"2023-06-01T06:33:14","slug":"botta-e-risposta-lira-eu-vs-lira-us","status":"publish","type":"messages","link":"https:\/\/www.aism.lu\/it\/messages\/botta-e-risposta-lira-eu-vs-lira-us\/","title":{"rendered":"Botta e risposta \u2013\u00a0L\u2019IRA EU vs L\u2019IRA US"},"content":{"rendered":"\n<p>L\u2019<em>Inflation Reduction Act<\/em> (IRA) statunitense, approvato ad agosto scorso col quale si mettono a disposizione 369 miliardi di dollari a favore delle politiche verdi, ha allarmato non poco l\u2019Europa, la quale ha annunciato, tramite la Von der Leyen, \u201cla nostra IRA europea\u201d.<\/p>\n\n\n\n<p>Seppur all\u2019inizio, la politica americana ha trovato favore presso la Commissione europea, con i complimenti sempre della Von der Leyen per l\u2019azione di forza in rispetto del clima, il successivo intendimento dei cavilli protezionistici sottostanti tale legge hanno preoccupato gli Stati membri, i quali hanno chiesto l\u2019istituzione di una task force congiunta US-EU che potesse dissiparli. S\u00ec, perch\u00e9 nell\u2019IRA statunitense i crediti d\u2019imposta e le agevolazioni fiscali andranno a vantaggio dei prodotti costruiti prevalentemente su territorio americano o entro i confini di stati con cui gli Stati Uniti hanno patti commerciali, quali Messico e Canada. Per ovviare lo svantaggio, le societ\u00e0 europee potrebbero traslocare gran parte del loro business negli States, mettendo a rischio la possibilit\u00e0 dell\u2019Europa di tornare protagonista dei mercati finanziari, scivolando proprio su quel terreno (la trasformazione energetica) sopra cui sta edificando la propria credibilit\u00e0.<\/p>\n\n\n\n<p>Germania e Francia hanno subito chiesto regole pi\u00f9 flessibili per gli aiuti di stato, mossa un po\u2019 azzardata che potrebbe acuire i risentimenti interni di quegli stati pi\u00f9 fragili con minori possibilit\u00e0, come sostenuto dal primo ministro belga De Croo e dal Commissario europeo per la concorrenza Margrethe Vestager.<\/p>\n\n\n\n<p>Data l\u2019inefficacia della <em>task force<\/em> congiunta, la Von der Leyen ha annunciato a Davos il <a href=\"https:\/\/commission.europa.eu\/document\/41514677-9598-4d89-a572-abe21cb037f4_en\" target=\"_blank\" rel=\"noreferrer noopener\"><strong>Green Deal Industrial Plan<\/strong><\/a>, col quale l\u2019Europa promuove lo sviluppo delle tecnologie Net-Zero in rapida crescita, ribadendo ancora una volta la propria posizione di leader mondiale in questo ambito.<\/p>\n\n\n\n<p>Dei <a href=\"https:\/\/ec.europa.eu\/commission\/presscorner\/detail\/en\/ip_23_510\" target=\"_blank\" rel=\"noreferrer noopener\">quattro pilastri<\/a> su cui si fonda il nuovo piano, gli investitori guardano particolarmente ai primi due: <strong>autorizzazioni semplificate e rapide <\/strong>che accelereranno l\u2019approvazione di obiettivi, quali la realizzazione di parchi eolici e impianti solari, e un <strong>accesso al credito pi\u00f9 veloce per progetti strategici<\/strong>. Quest\u2019ultimo punto riguarda l\u2019alleggerimento delle regole riguardanti gli <strong>aiuti di Stato<\/strong>, che dovranno essere calibrati per non minare conflitti in seno all\u2019Europa, e un nuovo <strong>fondo sovrano<\/strong>, subito criticato dal ministro delle finanze tedesco, il quale ha sottolineato che ci sono ancora i \u201cprestiti\u201d del Next Generation EU non sfruttati da molti Stati membri, tra i quali per\u00f2 non compare l\u2019Italia.<\/p>\n\n\n\n<p>Guardando a quali sono le tecnologie Net-Zero che verranno supportate dall\u2019Europa, si menzionano soprattutto <strong>batterie, pannelli solari, turbine eoliche, pompe di calore, elettrolizzatori verdi e utilizzo e stoccaggio della cattura del carbonio<\/strong>, nonch\u00e9 delle relative materie prime essenziali necessarie per la produzione di tali apparecchiature.<\/p>\n\n\n\n<p>Il botta e risposta tra US e Europa sullo sviluppo delle tecnologie verdi sar\u00e0 dunque un volano per quelle societ\u00e0 operanti in tale ambito. Se l\u2019IRA statunitense aveva dato slancio alle societ\u00e0 \u201crinnovabili\u201d oltre oceano, lasciando quelle europee un po\u2019 indietro, c\u2019\u00e8 da sperare che la risposta europea possa far recuperare lo svantaggio. Da inizio anno, infatti, c\u2019\u00e8 stato un movimento forte sulle societ\u00e0 operanti in questi temi: le societ\u00e0 legate all\u2019efficientamento dei palazzi e automazione sono balzate mediamente oltre il 15%, le principali societ\u00e0 <em>pure play<\/em> dell\u2019idrogeno oltre il 25%, alcune societ\u00e0 attive nella cattura della CO<sub>2<\/sub> del 30%, altre legate a inverter e impianti solari del 20%. Sono invece rimaste pi\u00f9 indietro quelle legate al <em>wind<\/em> (poco sopra l\u20191%) e le grosse <em>utility<\/em>, le quali, sono per lo pi\u00f9 in territorio negativo, in questo inizio d\u2019anno sfavillante.<\/p>\n\n\n\n<p>L\u2019Europa dunque, dopo l\u2019invasione russa in Ucraina e la conseguente necessit\u00e0 di indipendenza energetica, risponde al nuovo affronto verde con rinnovata spinta. Forse ci sar\u00e0 da oliare qualche meccanismo, avendo a che fare con un gruppo non omogeneo di elementi, ma la risposta a ogni nuova difficolt\u00e0 \u00e8 sempre la stessa: incentivare e promuovere sempre con pi\u00f9 urgenza la trasformazione energetica.<\/p>\n","protected":false},"excerpt":{"rendered":"<p>L\u2019Inflation Reduction Act (IRA) statunitense, approvato ad agosto scorso col quale si mettono a disposizione 369 miliardi di dollari a favore delle politiche verdi, ha allarmato non poco l\u2019Europa, la quale ha annunciato, tramite la Von der Leyen, \u201cla nostra IRA europea\u201d. Seppur all\u2019inizio, la politica americana ha trovato favore presso la Commissione europea, con [&hellip;]<\/p>\n","protected":false},"featured_media":1780,"template":"","meta":{"_acf_changed":false},"acf":[],"yoast_head":"<!-- This site is optimized with the Yoast SEO plugin v22.9 - https:\/\/yoast.com\/wordpress\/plugins\/seo\/ -->\n<title>Botta e risposta -\u00a0L\u2019IRA EU vs L\u2019IRA US<\/title>\n<meta name=\"description\" content=\"L\u2019Inflation Reduction Act (IRA) statunitense, approvato ad agosto scorso col quale si mettono a disposizione 369 miliardi di dollari a favore delle politiche verdi, ha allarmato non poco l\u2019Europa, la quale ha annunciato, tramite la Von der Leyen, \u201cla nostra IRA europea\u201d.\" \/>\n<meta name=\"robots\" content=\"index, follow, max-snippet:-1, max-image-preview:large, max-video-preview:-1\" \/>\n<link rel=\"canonical\" href=\"https:\/\/www.aism.lu\/it\/messages\/botta-e-risposta-lira-eu-vs-lira-us\/\" \/>\n<meta property=\"og:locale\" content=\"it_IT\" \/>\n<meta property=\"og:type\" content=\"article\" \/>\n<meta property=\"og:title\" content=\"Botta e risposta -\u00a0L\u2019IRA EU vs L\u2019IRA US\" \/>\n<meta property=\"og:description\" content=\"L\u2019Inflation Reduction Act (IRA) statunitense, approvato ad agosto scorso col quale si mettono a disposizione 369 miliardi di dollari a favore delle politiche verdi, ha allarmato non poco l\u2019Europa, la quale ha annunciato, tramite la Von der Leyen, \u201cla nostra IRA europea\u201d.\" \/>\n<meta property=\"og:url\" content=\"https:\/\/www.aism.lu\/it\/messages\/botta-e-risposta-lira-eu-vs-lira-us\/\" \/>\n<meta property=\"og:site_name\" content=\"AISM\" \/>\n<meta property=\"article:modified_time\" content=\"2023-06-01T06:33:14+00:00\" \/>\n<meta property=\"og:image\" content=\"https:\/\/www.aism.lu\/wp-content\/uploads\/2023\/01\/the-message.jpg\" \/>\n\t<meta property=\"og:image:width\" content=\"2560\" \/>\n\t<meta property=\"og:image:height\" content=\"1770\" \/>\n\t<meta property=\"og:image:type\" content=\"image\/jpeg\" \/>\n<meta name=\"twitter:card\" content=\"summary_large_image\" \/>\n<meta name=\"twitter:label1\" content=\"Tempo di lettura stimato\" \/>\n\t<meta name=\"twitter:data1\" content=\"3 minuti\" \/>\n<script type=\"application\/ld+json\" class=\"yoast-schema-graph\">{\"@context\":\"https:\/\/schema.org\",\"@graph\":[{\"@type\":\"WebPage\",\"@id\":\"https:\/\/www.aism.lu\/it\/messages\/botta-e-risposta-lira-eu-vs-lira-us\/\",\"url\":\"https:\/\/www.aism.lu\/it\/messages\/botta-e-risposta-lira-eu-vs-lira-us\/\",\"name\":\"Botta e risposta -\u00a0L\u2019IRA EU vs L\u2019IRA US\",\"isPartOf\":{\"@id\":\"https:\/\/www.aism.lu\/#website\"},\"primaryImageOfPage\":{\"@id\":\"https:\/\/www.aism.lu\/it\/messages\/botta-e-risposta-lira-eu-vs-lira-us\/#primaryimage\"},\"image\":{\"@id\":\"https:\/\/www.aism.lu\/it\/messages\/botta-e-risposta-lira-eu-vs-lira-us\/#primaryimage\"},\"thumbnailUrl\":\"https:\/\/www.aism.lu\/wp-content\/uploads\/2023\/01\/the-message.jpg\",\"datePublished\":\"2023-04-10T14:44:00+00:00\",\"dateModified\":\"2023-06-01T06:33:14+00:00\",\"description\":\"L\u2019Inflation Reduction Act (IRA) statunitense, approvato ad agosto scorso col quale si mettono a disposizione 369 miliardi di dollari a favore delle politiche verdi, ha allarmato non poco l\u2019Europa, la quale ha annunciato, tramite la Von der Leyen, \u201cla nostra IRA europea\u201d.\",\"breadcrumb\":{\"@id\":\"https:\/\/www.aism.lu\/it\/messages\/botta-e-risposta-lira-eu-vs-lira-us\/#breadcrumb\"},\"inLanguage\":\"it-IT\",\"potentialAction\":[{\"@type\":\"ReadAction\",\"target\":[\"https:\/\/www.aism.lu\/it\/messages\/botta-e-risposta-lira-eu-vs-lira-us\/\"]}]},{\"@type\":\"ImageObject\",\"inLanguage\":\"it-IT\",\"@id\":\"https:\/\/www.aism.lu\/it\/messages\/botta-e-risposta-lira-eu-vs-lira-us\/#primaryimage\",\"url\":\"https:\/\/www.aism.lu\/wp-content\/uploads\/2023\/01\/the-message.jpg\",\"contentUrl\":\"https:\/\/www.aism.lu\/wp-content\/uploads\/2023\/01\/the-message.jpg\",\"width\":2560,\"height\":1770},{\"@type\":\"BreadcrumbList\",\"@id\":\"https:\/\/www.aism.lu\/it\/messages\/botta-e-risposta-lira-eu-vs-lira-us\/#breadcrumb\",\"itemListElement\":[{\"@type\":\"ListItem\",\"position\":1,\"name\":\"Messages\",\"item\":\"https:\/\/www.aism.lu\/messages\/\"},{\"@type\":\"ListItem\",\"position\":2,\"name\":\"Botta e risposta \u2013\u00a0L\u2019IRA EU vs L\u2019IRA US\"}]},{\"@type\":\"WebSite\",\"@id\":\"https:\/\/www.aism.lu\/#website\",\"url\":\"https:\/\/www.aism.lu\/\",\"name\":\"AISM\",\"description\":\"Management Company and Asset Manager\",\"publisher\":{\"@id\":\"https:\/\/www.aism.lu\/#organization\"},\"potentialAction\":[{\"@type\":\"SearchAction\",\"target\":{\"@type\":\"EntryPoint\",\"urlTemplate\":\"https:\/\/www.aism.lu\/?s={search_term_string}\"},\"query-input\":\"required name=search_term_string\"}],\"inLanguage\":\"it-IT\"},{\"@type\":\"Organization\",\"@id\":\"https:\/\/www.aism.lu\/#organization\",\"name\":\"AISM\",\"url\":\"https:\/\/www.aism.lu\/\",\"logo\":{\"@type\":\"ImageObject\",\"inLanguage\":\"it-IT\",\"@id\":\"https:\/\/www.aism.lu\/#\/schema\/logo\/image\/\",\"url\":\"https:\/\/www.aism.lu\/wp-content\/uploads\/2022\/09\/logo_color.svg\",\"contentUrl\":\"https:\/\/www.aism.lu\/wp-content\/uploads\/2022\/09\/logo_color.svg\",\"width\":1398,\"height\":708,\"caption\":\"AISM\"},\"image\":{\"@id\":\"https:\/\/www.aism.lu\/#\/schema\/logo\/image\/\"}}]}<\/script>\n<!-- \/ Yoast SEO plugin. -->","yoast_head_json":{"title":"Botta e risposta -\u00a0L\u2019IRA EU vs L\u2019IRA US","description":"L\u2019Inflation Reduction Act (IRA) statunitense, approvato ad agosto scorso col quale si mettono a disposizione 369 miliardi di dollari a favore delle politiche verdi, ha allarmato non poco l\u2019Europa, la quale ha annunciato, tramite la Von der Leyen, \u201cla nostra IRA europea\u201d.","robots":{"index":"index","follow":"follow","max-snippet":"max-snippet:-1","max-image-preview":"max-image-preview:large","max-video-preview":"max-video-preview:-1"},"canonical":"https:\/\/www.aism.lu\/it\/messages\/botta-e-risposta-lira-eu-vs-lira-us\/","og_locale":"it_IT","og_type":"article","og_title":"Botta e risposta -\u00a0L\u2019IRA EU vs L\u2019IRA US","og_description":"L\u2019Inflation Reduction Act (IRA) statunitense, approvato ad agosto scorso col quale si mettono a disposizione 369 miliardi di dollari a favore delle politiche verdi, ha allarmato non poco l\u2019Europa, la quale ha annunciato, tramite la Von der Leyen, \u201cla nostra IRA europea\u201d.","og_url":"https:\/\/www.aism.lu\/it\/messages\/botta-e-risposta-lira-eu-vs-lira-us\/","og_site_name":"AISM","article_modified_time":"2023-06-01T06:33:14+00:00","og_image":[{"width":2560,"height":1770,"url":"https:\/\/www.aism.lu\/wp-content\/uploads\/2023\/01\/the-message.jpg","type":"image\/jpeg"}],"twitter_card":"summary_large_image","twitter_misc":{"Tempo di lettura stimato":"3 minuti"},"schema":{"@context":"https:\/\/schema.org","@graph":[{"@type":"WebPage","@id":"https:\/\/www.aism.lu\/it\/messages\/botta-e-risposta-lira-eu-vs-lira-us\/","url":"https:\/\/www.aism.lu\/it\/messages\/botta-e-risposta-lira-eu-vs-lira-us\/","name":"Botta e risposta -\u00a0L\u2019IRA EU vs L\u2019IRA US","isPartOf":{"@id":"https:\/\/www.aism.lu\/#website"},"primaryImageOfPage":{"@id":"https:\/\/www.aism.lu\/it\/messages\/botta-e-risposta-lira-eu-vs-lira-us\/#primaryimage"},"image":{"@id":"https:\/\/www.aism.lu\/it\/messages\/botta-e-risposta-lira-eu-vs-lira-us\/#primaryimage"},"thumbnailUrl":"https:\/\/www.aism.lu\/wp-content\/uploads\/2023\/01\/the-message.jpg","datePublished":"2023-04-10T14:44:00+00:00","dateModified":"2023-06-01T06:33:14+00:00","description":"L\u2019Inflation Reduction Act (IRA) statunitense, approvato ad agosto scorso col quale si mettono a disposizione 369 miliardi di dollari a favore delle politiche verdi, ha allarmato non poco l\u2019Europa, la quale ha annunciato, tramite la Von der Leyen, \u201cla nostra IRA europea\u201d.","breadcrumb":{"@id":"https:\/\/www.aism.lu\/it\/messages\/botta-e-risposta-lira-eu-vs-lira-us\/#breadcrumb"},"inLanguage":"it-IT","potentialAction":[{"@type":"ReadAction","target":["https:\/\/www.aism.lu\/it\/messages\/botta-e-risposta-lira-eu-vs-lira-us\/"]}]},{"@type":"ImageObject","inLanguage":"it-IT","@id":"https:\/\/www.aism.lu\/it\/messages\/botta-e-risposta-lira-eu-vs-lira-us\/#primaryimage","url":"https:\/\/www.aism.lu\/wp-content\/uploads\/2023\/01\/the-message.jpg","contentUrl":"https:\/\/www.aism.lu\/wp-content\/uploads\/2023\/01\/the-message.jpg","width":2560,"height":1770},{"@type":"BreadcrumbList","@id":"https:\/\/www.aism.lu\/it\/messages\/botta-e-risposta-lira-eu-vs-lira-us\/#breadcrumb","itemListElement":[{"@type":"ListItem","position":1,"name":"Messages","item":"https:\/\/www.aism.lu\/messages\/"},{"@type":"ListItem","position":2,"name":"Botta e risposta \u2013\u00a0L\u2019IRA EU vs L\u2019IRA US"}]},{"@type":"WebSite","@id":"https:\/\/www.aism.lu\/#website","url":"https:\/\/www.aism.lu\/","name":"AISM","description":"Management Company and Asset Manager","publisher":{"@id":"https:\/\/www.aism.lu\/#organization"},"potentialAction":[{"@type":"SearchAction","target":{"@type":"EntryPoint","urlTemplate":"https:\/\/www.aism.lu\/?s={search_term_string}"},"query-input":"required name=search_term_string"}],"inLanguage":"it-IT"},{"@type":"Organization","@id":"https:\/\/www.aism.lu\/#organization","name":"AISM","url":"https:\/\/www.aism.lu\/","logo":{"@type":"ImageObject","inLanguage":"it-IT","@id":"https:\/\/www.aism.lu\/#\/schema\/logo\/image\/","url":"https:\/\/www.aism.lu\/wp-content\/uploads\/2022\/09\/logo_color.svg","contentUrl":"https:\/\/www.aism.lu\/wp-content\/uploads\/2022\/09\/logo_color.svg","width":1398,"height":708,"caption":"AISM"},"image":{"@id":"https:\/\/www.aism.lu\/#\/schema\/logo\/image\/"}}]}},"_links":{"self":[{"href":"https:\/\/www.aism.lu\/it\/wp-json\/wp\/v2\/messages\/3081"}],"collection":[{"href":"https:\/\/www.aism.lu\/it\/wp-json\/wp\/v2\/messages"}],"about":[{"href":"https:\/\/www.aism.lu\/it\/wp-json\/wp\/v2\/types\/messages"}],"wp:featuredmedia":[{"embeddable":true,"href":"https:\/\/www.aism.lu\/it\/wp-json\/wp\/v2\/media\/1780"}],"wp:attachment":[{"href":"https:\/\/www.aism.lu\/it\/wp-json\/wp\/v2\/media?parent=3081"}],"curies":[{"name":"wp","href":"https:\/\/api.w.org\/{rel}","templated":true}]}}