{"id":1474,"date":"2022-02-10T21:52:00","date_gmt":"2022-02-10T20:52:00","guid":{"rendered":"https:\/\/aism.kina.it\/messages\/controversial-energies-nucleare-e-gas\/"},"modified":"2023-05-25T11:12:44","modified_gmt":"2023-05-25T09:12:44","slug":"controversial-energies-nucleare-e-gas","status":"publish","type":"messages","link":"https:\/\/www.aism.lu\/it\/messages\/controversial-energies-nucleare-e-gas\/","title":{"rendered":"Controversial energies \u2013 Nucleare e gas"},"content":{"rendered":"\n<p>La coerenza \u00e8 una virt\u00f9 di pochi. Per altri, essa \u00e8 sciocca, come scrisse Oscar Wilde, o pu\u00f2 essere definita come mancanza di immaginazione, o mummificazione dei propri pensieri, sebbene il cambiamento di una visione dovrebbe forse richiedere un profondo periodo di riflessione, durante il quale analizzare le ragioni del cambiamento stesso. Spesso la coerenza viene meno di fronte a necessit\u00e0 impellenti, per far fronte alle quali magari ci raccontiamo piccole bugie, giustificazioni pi\u00f9 o meno plausibili, per convincerci che non siamo dei voltagabbana.  <\/p>\n\n\n\n<p>Anche l\u2019Europa ha una necessit\u00e0 impellente: l\u2019energia. E in previsione di una ripartenza, sperabilmente vicina, questo bisogno diventa sempre pi\u00f9 urgente. <\/p>\n\n\n\n<p>A oggi il mondo delle rinnovabili non \u00e8 assolutamente in grado di far fronte alla mostruosa domanda proveniente dal mercato; per alcuni Stati membri e politici europei pannelli solari, pale eoliche e idrogeno non saranno in grado da soli neanche di raggiungere l\u2019obiettivo intermedio del 2030, imposto con il fit for 55 europeo (-55% di emissioni rispetto al 1990); di conseguenza, neanche l\u2019obiettivo finale di emissioni nette zero entro il 2050. <\/p>\n\n\n\n<p>Cos\u00ec nell\u2019ultimo giorno dello scorso anno, l\u2019Europa ha avviato consultazioni per un <a href=\"https:\/\/ec.europa.eu\/commission\/presscorner\/detail\/it\/IP_22_2\" target=\"_blank\" rel=\"noreferrer noopener\">atto delegato complementare<\/a> nel quale si include il gas e il nucleare all\u2019interno della Tassonomia europea, dando di fatto il bollino verde a queste due fonti. Una possibilit\u00e0 che era gi\u00e0 nell\u2019aria durante COP26, come accennato ne <a href=\"http:\/\/www.aism.lu\/sites\/default\/files\/2021-12\/THE%20MESSAGE%20-%20NOVEMBRE%202021%20-%20IT.pdf\" target=\"_blank\" rel=\"noreferrer noopener\">Il Lungo Viaggio<\/a>. Un cambiamento non da poco, se si pensa che esattamente due anni fa, il 15 gennaio 2020, il Parlamento europeo approvava a gran maggioranza il Green Deal, bollando le due fonti controverse come non sostenibili. Che in questi due anni si siano scoperte propriet\u00e0 sul gas e sul nucleare allora sconosciute? Eppure Macron, primo sostenitore dell\u2019inserimento del nucleare nella Tassonomia, dovrebbe costruire il nuovo impianto di stoccaggio di scorie radioattive ad alta attivit\u00e0 (decadimento in decine o centinaia di migliaia di anni) nella localit\u00e0 di Bure, proprio quest\u2019anno. Sul cartello di benvenuto della citt\u00e0 pare sia scritto: \u201cCitt\u00e0 gemellata con Chernobyl, Fukushima e Three Mile Island\u201d. Lo stesso Macron, che al tempo delle elezioni aveva promesso la chiusura di 14 dei 58 reattori nucleari entro il 2035 in nome della transizione energetica, e che ora, in virt\u00f9 della stessa, propone l\u2019apertura di nuove centrali nucleari e siti di stoccaggio.    <\/p>\n\n\n\n<p>Il gas e il nucleare saranno considerati come fonti che aiuteranno la transizione, fin quando le rinnovabili non saranno sufficienti. Ma proviamo a fare due conti: per costruire una centrale nucleare ci vogliono sette anni e la vita media di un reattore di terza generazione \u00e8 stimata in 60 -100 anni. Pu\u00f2 un simile progetto considerarsi di transizione, quando l\u2019obiettivo di emissioni nette zero \u00e8 fissato per il 2050? I costi di costruzione, inoltre, sono esorbitanti, tanto che l\u2019energia prodotta col nucleare ha un costo di circa 3 volte superiore rispetto a quello dell\u2019energia prodotta dall\u2019eolico offshore e di 6 volte maggiore rispetto a quello dell\u2019energia solare. Si potrebbe opporre che la lunga vita delle centrali nucleari offra il tempo per rientrare dell\u2019investimento, ma analizzando la durata media di un impianto eolico o solare e il fatto che le due tecnologie riducono anno dopo anno i prezzi per ogni chilowattora installato, anche questa obiezione non pare del tutto convincente. La verit\u00e0 \u00e8 che i soldi investiti in gas e nucleare oggi sono fondi in meno per le energie pi\u00f9 verdi.     <\/p>\n\n\n\n<p>La decisione della Commissione europea ha scatenato una disputa tra gli Stati membri, e non solo, divisi tra favorevoli, in primis la Francia, e contrari, guidati dalla Germania. Un accordo non \u00e8 ancora stato raggiunto, dunque, ma aver proposto modifiche a un atto delegato l\u2019ultimo giorno disponibile, l\u2019aver lasciato solo 12 giorni (prolungati a 21 allo scadere del termine) agli esperti per dare un parere a riguardo, e la previsione di una maggioranza del 72% degli Stati membri del Consiglio europeo per evitare l\u2019inclusione delle due fonti energetiche nella Tassonomia, fanno ben intendere quanto la Commissione europea punti a ridurre al minimo gli ostacoli all\u2019entrata in vigore dell\u2019atto delegato. <\/p>\n\n\n\n<p>In questo cambio di vedute, verrebbe da chiedersi: se tecnologie come il solare, il wind e l\u2019idrogeno potessero soddisfare i nostri fabbisogni energetici oggi, Ursula Von der Leyen penserebbe al nucleare a al gas come fonti sostenibili? Rispondendo a questa domanda, forse, potremmo capire se la decisione \u00e8 stata presa perch\u00e9 convinti che il nucleare sia una fonte green, o a causa della contingente necessit\u00e0 di energia.<\/p>\n\n\n\n<p>Entro la fine di maggio dovremmo conoscere la risposta. Indipendentemente da questa, tuttavia, la finanza privata forse subir\u00e0 una spaccatura tra coloro che seguiranno la Tassonomia e coloro che, sposando il pensiero del Ministro dell'Economia e della protezione del clima tedesco Robert Habeck, qualificheranno l\u2019inserimento del gas e del nucleare fra le fonti sostenibili come mero \u201cgreenwashing\". Differenti tonalit\u00e0 di verde anche all\u2019interno del gruppo di fondi art. 9.  <\/p>\n","protected":false},"excerpt":{"rendered":"<p>La coerenza \u00e8 una virt\u00f9 di pochi. Per altri, essa \u00e8 sciocca, come scrisse Oscar Wilde, o pu\u00f2 essere definita come mancanza di immaginazione, o mummificazione dei propri pensieri, sebbene il cambiamento di una visione dovrebbe forse richiedere un profondo periodo di riflessione, durante il quale analizzare le ragioni del cambiamento stesso. Spesso la coerenza [&hellip;]<\/p>\n","protected":false},"featured_media":176,"template":"","meta":{"_acf_changed":false},"acf":[],"yoast_head":"<!-- This site is optimized with the Yoast SEO plugin v22.9 - https:\/\/yoast.com\/wordpress\/plugins\/seo\/ -->\n<title>Controversial Energies \u2013 Nucleare e gas<\/title>\n<meta name=\"description\" content=\"La coerenza \u00e8 una virt\u00f9 di pochi. Per altri, essa \u00e8 sciocca, come scrisse Oscar Wilde, o pu\u00f2 essere definita come mancanza di immaginazione, o mummificazione dei propri pensieri, sebbene il cambiamento di una visione dovrebbe forse richiedere un profondo periodo di riflessione, durante il quale analizzare le ragioni del cambiamento stesso.\" \/>\n<meta name=\"robots\" content=\"index, follow, max-snippet:-1, max-image-preview:large, max-video-preview:-1\" \/>\n<link rel=\"canonical\" href=\"https:\/\/www.aism.lu\/it\/messages\/controversial-energies-nucleare-e-gas\/\" \/>\n<meta property=\"og:locale\" content=\"it_IT\" \/>\n<meta property=\"og:type\" content=\"article\" \/>\n<meta property=\"og:title\" content=\"Controversial Energies \u2013 Nucleare e gas\" \/>\n<meta property=\"og:description\" content=\"La coerenza \u00e8 una virt\u00f9 di pochi. Per altri, essa \u00e8 sciocca, come scrisse Oscar Wilde, o pu\u00f2 essere definita come mancanza di immaginazione, o mummificazione dei propri pensieri, sebbene il cambiamento di una visione dovrebbe forse richiedere un profondo periodo di riflessione, durante il quale analizzare le ragioni del cambiamento stesso.\" \/>\n<meta property=\"og:url\" content=\"https:\/\/www.aism.lu\/it\/messages\/controversial-energies-nucleare-e-gas\/\" \/>\n<meta property=\"og:site_name\" content=\"AISM\" \/>\n<meta property=\"article:modified_time\" content=\"2023-05-25T09:12:44+00:00\" \/>\n<meta property=\"og:image\" content=\"https:\/\/www.aism.lu\/wp-content\/uploads\/2022\/09\/themessage.jpg\" \/>\n\t<meta property=\"og:image:width\" content=\"594\" \/>\n\t<meta property=\"og:image:height\" content=\"563\" \/>\n\t<meta property=\"og:image:type\" content=\"image\/jpeg\" \/>\n<meta name=\"twitter:card\" content=\"summary_large_image\" \/>\n<meta name=\"twitter:label1\" content=\"Tempo di lettura stimato\" \/>\n\t<meta name=\"twitter:data1\" content=\"4 minuti\" \/>\n<script type=\"application\/ld+json\" class=\"yoast-schema-graph\">{\"@context\":\"https:\/\/schema.org\",\"@graph\":[{\"@type\":\"WebPage\",\"@id\":\"https:\/\/www.aism.lu\/it\/messages\/controversial-energies-nucleare-e-gas\/\",\"url\":\"https:\/\/www.aism.lu\/it\/messages\/controversial-energies-nucleare-e-gas\/\",\"name\":\"Controversial Energies \u2013 Nucleare e gas\",\"isPartOf\":{\"@id\":\"https:\/\/www.aism.lu\/#website\"},\"primaryImageOfPage\":{\"@id\":\"https:\/\/www.aism.lu\/it\/messages\/controversial-energies-nucleare-e-gas\/#primaryimage\"},\"image\":{\"@id\":\"https:\/\/www.aism.lu\/it\/messages\/controversial-energies-nucleare-e-gas\/#primaryimage\"},\"thumbnailUrl\":\"https:\/\/www.aism.lu\/wp-content\/uploads\/2022\/09\/themessage.jpg\",\"datePublished\":\"2022-02-10T20:52:00+00:00\",\"dateModified\":\"2023-05-25T09:12:44+00:00\",\"description\":\"La coerenza \u00e8 una virt\u00f9 di pochi. Per altri, essa \u00e8 sciocca, come scrisse Oscar Wilde, o pu\u00f2 essere definita come mancanza di immaginazione, o mummificazione dei propri pensieri, sebbene il cambiamento di una visione dovrebbe forse richiedere un profondo periodo di riflessione, durante il quale analizzare le ragioni del cambiamento stesso.\",\"breadcrumb\":{\"@id\":\"https:\/\/www.aism.lu\/it\/messages\/controversial-energies-nucleare-e-gas\/#breadcrumb\"},\"inLanguage\":\"it-IT\",\"potentialAction\":[{\"@type\":\"ReadAction\",\"target\":[\"https:\/\/www.aism.lu\/it\/messages\/controversial-energies-nucleare-e-gas\/\"]}]},{\"@type\":\"ImageObject\",\"inLanguage\":\"it-IT\",\"@id\":\"https:\/\/www.aism.lu\/it\/messages\/controversial-energies-nucleare-e-gas\/#primaryimage\",\"url\":\"https:\/\/www.aism.lu\/wp-content\/uploads\/2022\/09\/themessage.jpg\",\"contentUrl\":\"https:\/\/www.aism.lu\/wp-content\/uploads\/2022\/09\/themessage.jpg\",\"width\":594,\"height\":563},{\"@type\":\"BreadcrumbList\",\"@id\":\"https:\/\/www.aism.lu\/it\/messages\/controversial-energies-nucleare-e-gas\/#breadcrumb\",\"itemListElement\":[{\"@type\":\"ListItem\",\"position\":1,\"name\":\"Messages\",\"item\":\"https:\/\/www.aism.lu\/messages\/\"},{\"@type\":\"ListItem\",\"position\":2,\"name\":\"Controversial energies \u2013 Nucleare e gas\"}]},{\"@type\":\"WebSite\",\"@id\":\"https:\/\/www.aism.lu\/#website\",\"url\":\"https:\/\/www.aism.lu\/\",\"name\":\"AISM\",\"description\":\"Management Company and Asset Manager\",\"publisher\":{\"@id\":\"https:\/\/www.aism.lu\/#organization\"},\"potentialAction\":[{\"@type\":\"SearchAction\",\"target\":{\"@type\":\"EntryPoint\",\"urlTemplate\":\"https:\/\/www.aism.lu\/?s={search_term_string}\"},\"query-input\":\"required name=search_term_string\"}],\"inLanguage\":\"it-IT\"},{\"@type\":\"Organization\",\"@id\":\"https:\/\/www.aism.lu\/#organization\",\"name\":\"AISM\",\"url\":\"https:\/\/www.aism.lu\/\",\"logo\":{\"@type\":\"ImageObject\",\"inLanguage\":\"it-IT\",\"@id\":\"https:\/\/www.aism.lu\/#\/schema\/logo\/image\/\",\"url\":\"https:\/\/www.aism.lu\/wp-content\/uploads\/2022\/09\/logo_color.svg\",\"contentUrl\":\"https:\/\/www.aism.lu\/wp-content\/uploads\/2022\/09\/logo_color.svg\",\"width\":1398,\"height\":708,\"caption\":\"AISM\"},\"image\":{\"@id\":\"https:\/\/www.aism.lu\/#\/schema\/logo\/image\/\"}}]}<\/script>\n<!-- \/ Yoast SEO plugin. -->","yoast_head_json":{"title":"Controversial Energies \u2013 Nucleare e gas","description":"La coerenza \u00e8 una virt\u00f9 di pochi. Per altri, essa \u00e8 sciocca, come scrisse Oscar Wilde, o pu\u00f2 essere definita come mancanza di immaginazione, o mummificazione dei propri pensieri, sebbene il cambiamento di una visione dovrebbe forse richiedere un profondo periodo di riflessione, durante il quale analizzare le ragioni del cambiamento stesso.","robots":{"index":"index","follow":"follow","max-snippet":"max-snippet:-1","max-image-preview":"max-image-preview:large","max-video-preview":"max-video-preview:-1"},"canonical":"https:\/\/www.aism.lu\/it\/messages\/controversial-energies-nucleare-e-gas\/","og_locale":"it_IT","og_type":"article","og_title":"Controversial Energies \u2013 Nucleare e gas","og_description":"La coerenza \u00e8 una virt\u00f9 di pochi. Per altri, essa \u00e8 sciocca, come scrisse Oscar Wilde, o pu\u00f2 essere definita come mancanza di immaginazione, o mummificazione dei propri pensieri, sebbene il cambiamento di una visione dovrebbe forse richiedere un profondo periodo di riflessione, durante il quale analizzare le ragioni del cambiamento stesso.","og_url":"https:\/\/www.aism.lu\/it\/messages\/controversial-energies-nucleare-e-gas\/","og_site_name":"AISM","article_modified_time":"2023-05-25T09:12:44+00:00","og_image":[{"width":594,"height":563,"url":"https:\/\/www.aism.lu\/wp-content\/uploads\/2022\/09\/themessage.jpg","type":"image\/jpeg"}],"twitter_card":"summary_large_image","twitter_misc":{"Tempo di lettura stimato":"4 minuti"},"schema":{"@context":"https:\/\/schema.org","@graph":[{"@type":"WebPage","@id":"https:\/\/www.aism.lu\/it\/messages\/controversial-energies-nucleare-e-gas\/","url":"https:\/\/www.aism.lu\/it\/messages\/controversial-energies-nucleare-e-gas\/","name":"Controversial Energies \u2013 Nucleare e gas","isPartOf":{"@id":"https:\/\/www.aism.lu\/#website"},"primaryImageOfPage":{"@id":"https:\/\/www.aism.lu\/it\/messages\/controversial-energies-nucleare-e-gas\/#primaryimage"},"image":{"@id":"https:\/\/www.aism.lu\/it\/messages\/controversial-energies-nucleare-e-gas\/#primaryimage"},"thumbnailUrl":"https:\/\/www.aism.lu\/wp-content\/uploads\/2022\/09\/themessage.jpg","datePublished":"2022-02-10T20:52:00+00:00","dateModified":"2023-05-25T09:12:44+00:00","description":"La coerenza \u00e8 una virt\u00f9 di pochi. Per altri, essa \u00e8 sciocca, come scrisse Oscar Wilde, o pu\u00f2 essere definita come mancanza di immaginazione, o mummificazione dei propri pensieri, sebbene il cambiamento di una visione dovrebbe forse richiedere un profondo periodo di riflessione, durante il quale analizzare le ragioni del cambiamento stesso.","breadcrumb":{"@id":"https:\/\/www.aism.lu\/it\/messages\/controversial-energies-nucleare-e-gas\/#breadcrumb"},"inLanguage":"it-IT","potentialAction":[{"@type":"ReadAction","target":["https:\/\/www.aism.lu\/it\/messages\/controversial-energies-nucleare-e-gas\/"]}]},{"@type":"ImageObject","inLanguage":"it-IT","@id":"https:\/\/www.aism.lu\/it\/messages\/controversial-energies-nucleare-e-gas\/#primaryimage","url":"https:\/\/www.aism.lu\/wp-content\/uploads\/2022\/09\/themessage.jpg","contentUrl":"https:\/\/www.aism.lu\/wp-content\/uploads\/2022\/09\/themessage.jpg","width":594,"height":563},{"@type":"BreadcrumbList","@id":"https:\/\/www.aism.lu\/it\/messages\/controversial-energies-nucleare-e-gas\/#breadcrumb","itemListElement":[{"@type":"ListItem","position":1,"name":"Messages","item":"https:\/\/www.aism.lu\/messages\/"},{"@type":"ListItem","position":2,"name":"Controversial energies \u2013 Nucleare e gas"}]},{"@type":"WebSite","@id":"https:\/\/www.aism.lu\/#website","url":"https:\/\/www.aism.lu\/","name":"AISM","description":"Management Company and Asset Manager","publisher":{"@id":"https:\/\/www.aism.lu\/#organization"},"potentialAction":[{"@type":"SearchAction","target":{"@type":"EntryPoint","urlTemplate":"https:\/\/www.aism.lu\/?s={search_term_string}"},"query-input":"required name=search_term_string"}],"inLanguage":"it-IT"},{"@type":"Organization","@id":"https:\/\/www.aism.lu\/#organization","name":"AISM","url":"https:\/\/www.aism.lu\/","logo":{"@type":"ImageObject","inLanguage":"it-IT","@id":"https:\/\/www.aism.lu\/#\/schema\/logo\/image\/","url":"https:\/\/www.aism.lu\/wp-content\/uploads\/2022\/09\/logo_color.svg","contentUrl":"https:\/\/www.aism.lu\/wp-content\/uploads\/2022\/09\/logo_color.svg","width":1398,"height":708,"caption":"AISM"},"image":{"@id":"https:\/\/www.aism.lu\/#\/schema\/logo\/image\/"}}]}},"_links":{"self":[{"href":"https:\/\/www.aism.lu\/it\/wp-json\/wp\/v2\/messages\/1474"}],"collection":[{"href":"https:\/\/www.aism.lu\/it\/wp-json\/wp\/v2\/messages"}],"about":[{"href":"https:\/\/www.aism.lu\/it\/wp-json\/wp\/v2\/types\/messages"}],"wp:featuredmedia":[{"embeddable":true,"href":"https:\/\/www.aism.lu\/it\/wp-json\/wp\/v2\/media\/176"}],"wp:attachment":[{"href":"https:\/\/www.aism.lu\/it\/wp-json\/wp\/v2\/media?parent=1474"}],"curies":[{"name":"wp","href":"https:\/\/api.w.org\/{rel}","templated":true}]}}