{"id":1454,"date":"2021-10-10T20:31:00","date_gmt":"2021-10-10T18:31:00","guid":{"rendered":"https:\/\/aism.kina.it\/messages\/loro-ramato-mining\/"},"modified":"2023-05-25T11:06:14","modified_gmt":"2023-05-25T09:06:14","slug":"loro-ramato-mining","status":"publish","type":"messages","link":"https:\/\/www.aism.lu\/it\/messages\/loro-ramato-mining\/","title":{"rendered":"L'oro ramato \u2013 Mining"},"content":{"rendered":"\n<p>Nel tempo, guidati dalle necessit\u00e0, abbiamo dato all\u2019oro colorazioni diverse. O meglio, abbiamo attribuito a materie prime di vitale importanza l\u2019appellativo di oro, colorandolo come la materia prima stessa. Cos\u00ec abbiamo chiamato oro bianco il cotone e oro nero il petrolio. Ora, pare che una nuova colorazione sia in atto, e l\u2019oro stia assumendo sfumature ramate.  <\/p>\n\n\n\n<p>L\u2019Europa ha pubblicato due mesi fa il suo Fit for 55, un pacchetto di riforme volto a ridurre del 55% le emissioni di gas serra gi\u00e0 entro il 2030, rispetto al 1990, perch\u00e9 per essere sicuri di arrivare al target di neutralit\u00e0 del 2050 bisogna inevitabilmente fissare paletti intermedi, per non perdersi cammin facendo (<a href=\"https:\/\/www.consilium.europa.eu\/it\/policies\/green-deal\/eu-plan-for-a-green-transition\/\" target=\"_blank\" rel=\"noreferrer noopener\">per approfondire<\/a>).<\/p>\n\n\n\n<p>Considerando anche i programmi degli altri Paesi, per raggiungere l\u2019obiettivo intermedio sar\u00e0 necessario, da qui al 2030, un quantitativo di rame legato all\u2019economia verde sei volte maggiore di quello attuale. La stima arriva a nove volte se la tonalit\u00e0 sar\u00e0 pi\u00f9 intensa, ossia si adotteranno soluzioni tecnologiche sempre pi\u00f9 sostenibili. \u00c8 facile intuire che non si parli di un numero sproporzionato se pensiamo che il rame \u00e8 utilizzato ovunque: dall\u2019auto elettrica (che usa sei volte la quantit\u00e0 di rame di un\u2019auto a combustione) alle stazioni di ricarica, dalle pale eoliche ai pannelli fotovoltaici, dalle batterie alle reti elettriche. Insomma, il mondo dell\u2019energia e del trasporto che l\u2019Europa immagina in un domani, ormai prossimo.   <\/p>\n\n\n\n<p>Secondo alcune ricerche, il prezzo dell\u2019oro ramato \u00e8 destinato quasi a raddoppiare nei prossimi anni, a causa di questa domanda accelerata a cui non seguirebbe un adeguato aumento dell\u2019offerta. I motivi di una produzione apatica risiedono nell\u2019assenza di tecnologie adeguate a un\u2019estrazione pi\u00f9 efficiente di questa materia prima; nella poca disponibilit\u00e0 da parte delle compagnie minerarie a nuovi investimenti che ridurrebbero i margini di guadagno; al fatto che l\u2019ampliamento di una miniera di rame necessita di due\/tre anni di lavoro, mentre una nuova miniera impiega fino a otto anni prima di generare ricavi. <\/p>\n\n\n\n<p>E vista la ciclicit\u00e0 della materia prima avuta finora, come dare loro torto? L\u2019unico modo per convincere i produttori \u00e8 dunque quello di aumentare il prezzo del rame, per disporre di liquidit\u00e0 di cassa e avere un business sostenibile in futuro. <\/p>\n\n\n\n<p>Se il rame sar\u00e0 la materia prima per eccellenza, rappresentando pi\u00f9 del 50% del totale dei metalli necessari alla rivoluzione delle tecnologie verdi, non saranno da meno tutte le altre: nickel, cobalto e litio sono essenziali per le batterie elettriche, la leggerezza dell\u2019alluminio riduce i consumi di auto, camion e aeroplani, mentre il platino, il palladio e il rodio sono essenziali per i catalizzatori, utilizzati sia per ridurre le emissioni delle auto diesel che per le nuove fuel cell a idrogeno.<\/p>\n\n\n\n<p>L\u2019estrazione delle materie prime ha per\u00f2 da sempre fatto storcere un po\u2019 il naso agli investitori ESG, sia per le emissioni di CO 2, che per il consumo di risorse e l\u2019aspetto sociale. Tutti elementi che dipendono da molti fattori, quali il mix di prodotti, il tipo di estrazione e la dislocazione geografica. <\/p>\n\n\n\n<p>Infatti, produrre alluminio \u00e8 pi\u00f9 inquinante che produrre ferro o rame; se \u00e8 necessario scavare sottoterra i consumi saranno maggiori come i rischi per i lavoratori, rispetto a miniere sul suolo; e ancora, perch\u00e9 se si estrae in un paese emergente ci sono pi\u00f9 rischi sociali e politici che estrarre in Canada o Australia. <\/p>\n\n\n\n<p>Se ci limitassimo alle emissioni dirette (scope 1 e scope 2) delle societ\u00e0 minerarie, scopriremmo che rappresentano solo l\u20191% delle emissioni totali del pianeta. Ma la percentuale diventa sensibilmente maggiore, 7%, se si considerano le emissioni indirette, ossia quelle generate dall\u2019utilizzo delle materie prime, dove la parte preponderante \u00e8 dovuta al carbon fossile. <\/p>\n\n\n\n<p>C\u2019\u00e8 anche un aspetto di utilizzo delle risorse da considerare: se di alluminio ne abbiamo in abbondanza, di rame ne abbiamo meno, considerando anche la crescita della domanda che si prospetta per il prossimo futuro. In questo caso, un contributo fondamentale arriver\u00e0 dal riciclo delle materie prime dismesse, che permetter\u00e0 anche una calmierazione dei prezzi. L\u2019aspetto pi\u00f9 controverso e delicato legato alle societ\u00e0 minerarie \u00e8 per\u00f2 quello sociale. Generalmente le miniere sono situate in paesi emergenti, con governi spesso poco sensibili ai diritti umani, come il noto sfruttamento del lavoro minorile nelle miniere di cobalto in Congo. Di contro, chi opera in quei luoghi instaura un rapporto duraturo con la popolazione locale, offrendo posti di lavoro, costruendo scuole, strade, ponti, fornendo assistenza medica e supportando la popolazione in molteplici modi.    <\/p>\n\n\n\n<p>Vi \u00e8 poi il tema della Governance, che qui ha un peso maggiore che in altri settori, dato il contatto frequente con governi poco strutturati, o presenti, spesso corruttibili, inclini a decisioni repentine e inaspettate. Un esempio \u00e8 la proposta di legge del Cile, nell\u2019aprile scorso, di aumentare le tasse sull\u2019estrazione del rame fino al 75%, per far fronte all\u2019emergenza Covid, considerando che le miniere del Cile producono quasi il 30% del rame mondiale e questa attivit\u00e0 \u00e8 un\u2019entrata significativa per questo paese. <\/p>\n\n\n\n<p>Il peso maggiore attribuito a fattori meno misurabili quali la S e la G, rispetto alla E, rende questo settore suscettibile di una dispersione di giudizi molto ampia da parte delle agenzie di rating nell\u2019attribuzione di un indice di sostenibilit\u00e0 alla stessa societ\u00e0. \u00c8 forse questo uno dei motivi della scarsa presenza di simili compagnie nei portafogli ESG; o magari ci\u00f2 dipende dal giudizio di investitori, giornalisti e analisti indipendenti che potrebbero definire greenwashed i prodotti con azioni di questo tipo. Attivit\u00e0, quella della scoperta di prodotti greenwashed, in fermento, negli ultimi mesi.  <\/p>\n\n\n\n<p>Sicuramente la molteplicit\u00e0 di fattori critici presenti nel settore minerario richiede un\u2019attenzione maggiore durante la selezione dei titoli, ma siamo sicuri che un portafoglio sostenibile possa fare a meno di quelle materie prime che saranno l\u2019elemento basilare della stessa sostenibilit\u00e0?<\/p>\n","protected":false},"excerpt":{"rendered":"<p>Nel tempo, guidati dalle necessit\u00e0, abbiamo dato all\u2019oro colorazioni diverse. O meglio, abbiamo attribuito a materie prime di vitale importanza l\u2019appellativo di oro, colorandolo come la materia prima stessa. Cos\u00ec abbiamo chiamato oro bianco il cotone e oro nero il petrolio. Ora, pare che una nuova colorazione sia in atto, e l\u2019oro stia assumendo sfumature [&hellip;]<\/p>\n","protected":false},"featured_media":176,"template":"","meta":{"_acf_changed":false},"acf":[],"yoast_head":"<!-- This site is optimized with the Yoast SEO plugin v22.9 - https:\/\/yoast.com\/wordpress\/plugins\/seo\/ -->\n<title>L&#039;oro ramato \u2013 Mining<\/title>\n<meta name=\"description\" content=\"Nel tempo, guidati dalle necessit\u00e0, abbiamo dato all\u2019oro colorazioni diverse. O meglio, abbiamo attribuito a materie prime di vitale importanza l\u2019appellativo di oro, colorandolo come la materia prima stessa.\" \/>\n<meta name=\"robots\" content=\"index, follow, max-snippet:-1, max-image-preview:large, max-video-preview:-1\" \/>\n<link rel=\"canonical\" href=\"https:\/\/www.aism.lu\/it\/messages\/loro-ramato-mining\/\" \/>\n<meta property=\"og:locale\" content=\"it_IT\" \/>\n<meta property=\"og:type\" content=\"article\" \/>\n<meta property=\"og:title\" content=\"L&#039;oro ramato \u2013 Mining\" \/>\n<meta property=\"og:description\" content=\"Nel tempo, guidati dalle necessit\u00e0, abbiamo dato all\u2019oro colorazioni diverse. O meglio, abbiamo attribuito a materie prime di vitale importanza l\u2019appellativo di oro, colorandolo come la materia prima stessa.\" \/>\n<meta property=\"og:url\" content=\"https:\/\/www.aism.lu\/it\/messages\/loro-ramato-mining\/\" \/>\n<meta property=\"og:site_name\" content=\"AISM\" \/>\n<meta property=\"article:modified_time\" content=\"2023-05-25T09:06:14+00:00\" \/>\n<meta property=\"og:image\" content=\"https:\/\/www.aism.lu\/wp-content\/uploads\/2022\/09\/themessage.jpg\" \/>\n\t<meta property=\"og:image:width\" content=\"594\" \/>\n\t<meta property=\"og:image:height\" content=\"563\" \/>\n\t<meta property=\"og:image:type\" content=\"image\/jpeg\" \/>\n<meta name=\"twitter:card\" content=\"summary_large_image\" \/>\n<meta name=\"twitter:label1\" content=\"Tempo di lettura stimato\" \/>\n\t<meta name=\"twitter:data1\" content=\"5 minuti\" \/>\n<script type=\"application\/ld+json\" class=\"yoast-schema-graph\">{\"@context\":\"https:\/\/schema.org\",\"@graph\":[{\"@type\":\"WebPage\",\"@id\":\"https:\/\/www.aism.lu\/it\/messages\/loro-ramato-mining\/\",\"url\":\"https:\/\/www.aism.lu\/it\/messages\/loro-ramato-mining\/\",\"name\":\"L'oro ramato \u2013 Mining\",\"isPartOf\":{\"@id\":\"https:\/\/www.aism.lu\/#website\"},\"primaryImageOfPage\":{\"@id\":\"https:\/\/www.aism.lu\/it\/messages\/loro-ramato-mining\/#primaryimage\"},\"image\":{\"@id\":\"https:\/\/www.aism.lu\/it\/messages\/loro-ramato-mining\/#primaryimage\"},\"thumbnailUrl\":\"https:\/\/www.aism.lu\/wp-content\/uploads\/2022\/09\/themessage.jpg\",\"datePublished\":\"2021-10-10T18:31:00+00:00\",\"dateModified\":\"2023-05-25T09:06:14+00:00\",\"description\":\"Nel tempo, guidati dalle necessit\u00e0, abbiamo dato all\u2019oro colorazioni diverse. O meglio, abbiamo attribuito a materie prime di vitale importanza l\u2019appellativo di oro, colorandolo come la materia prima stessa.\",\"breadcrumb\":{\"@id\":\"https:\/\/www.aism.lu\/it\/messages\/loro-ramato-mining\/#breadcrumb\"},\"inLanguage\":\"it-IT\",\"potentialAction\":[{\"@type\":\"ReadAction\",\"target\":[\"https:\/\/www.aism.lu\/it\/messages\/loro-ramato-mining\/\"]}]},{\"@type\":\"ImageObject\",\"inLanguage\":\"it-IT\",\"@id\":\"https:\/\/www.aism.lu\/it\/messages\/loro-ramato-mining\/#primaryimage\",\"url\":\"https:\/\/www.aism.lu\/wp-content\/uploads\/2022\/09\/themessage.jpg\",\"contentUrl\":\"https:\/\/www.aism.lu\/wp-content\/uploads\/2022\/09\/themessage.jpg\",\"width\":594,\"height\":563},{\"@type\":\"BreadcrumbList\",\"@id\":\"https:\/\/www.aism.lu\/it\/messages\/loro-ramato-mining\/#breadcrumb\",\"itemListElement\":[{\"@type\":\"ListItem\",\"position\":1,\"name\":\"Messages\",\"item\":\"https:\/\/www.aism.lu\/messages\/\"},{\"@type\":\"ListItem\",\"position\":2,\"name\":\"L'oro ramato \u2013 Mining\"}]},{\"@type\":\"WebSite\",\"@id\":\"https:\/\/www.aism.lu\/#website\",\"url\":\"https:\/\/www.aism.lu\/\",\"name\":\"AISM\",\"description\":\"Management Company and Asset Manager\",\"publisher\":{\"@id\":\"https:\/\/www.aism.lu\/#organization\"},\"potentialAction\":[{\"@type\":\"SearchAction\",\"target\":{\"@type\":\"EntryPoint\",\"urlTemplate\":\"https:\/\/www.aism.lu\/?s={search_term_string}\"},\"query-input\":\"required name=search_term_string\"}],\"inLanguage\":\"it-IT\"},{\"@type\":\"Organization\",\"@id\":\"https:\/\/www.aism.lu\/#organization\",\"name\":\"AISM\",\"url\":\"https:\/\/www.aism.lu\/\",\"logo\":{\"@type\":\"ImageObject\",\"inLanguage\":\"it-IT\",\"@id\":\"https:\/\/www.aism.lu\/#\/schema\/logo\/image\/\",\"url\":\"https:\/\/www.aism.lu\/wp-content\/uploads\/2022\/09\/logo_color.svg\",\"contentUrl\":\"https:\/\/www.aism.lu\/wp-content\/uploads\/2022\/09\/logo_color.svg\",\"width\":1398,\"height\":708,\"caption\":\"AISM\"},\"image\":{\"@id\":\"https:\/\/www.aism.lu\/#\/schema\/logo\/image\/\"}}]}<\/script>\n<!-- \/ Yoast SEO plugin. -->","yoast_head_json":{"title":"L'oro ramato \u2013 Mining","description":"Nel tempo, guidati dalle necessit\u00e0, abbiamo dato all\u2019oro colorazioni diverse. O meglio, abbiamo attribuito a materie prime di vitale importanza l\u2019appellativo di oro, colorandolo come la materia prima stessa.","robots":{"index":"index","follow":"follow","max-snippet":"max-snippet:-1","max-image-preview":"max-image-preview:large","max-video-preview":"max-video-preview:-1"},"canonical":"https:\/\/www.aism.lu\/it\/messages\/loro-ramato-mining\/","og_locale":"it_IT","og_type":"article","og_title":"L'oro ramato \u2013 Mining","og_description":"Nel tempo, guidati dalle necessit\u00e0, abbiamo dato all\u2019oro colorazioni diverse. O meglio, abbiamo attribuito a materie prime di vitale importanza l\u2019appellativo di oro, colorandolo come la materia prima stessa.","og_url":"https:\/\/www.aism.lu\/it\/messages\/loro-ramato-mining\/","og_site_name":"AISM","article_modified_time":"2023-05-25T09:06:14+00:00","og_image":[{"width":594,"height":563,"url":"https:\/\/www.aism.lu\/wp-content\/uploads\/2022\/09\/themessage.jpg","type":"image\/jpeg"}],"twitter_card":"summary_large_image","twitter_misc":{"Tempo di lettura stimato":"5 minuti"},"schema":{"@context":"https:\/\/schema.org","@graph":[{"@type":"WebPage","@id":"https:\/\/www.aism.lu\/it\/messages\/loro-ramato-mining\/","url":"https:\/\/www.aism.lu\/it\/messages\/loro-ramato-mining\/","name":"L'oro ramato \u2013 Mining","isPartOf":{"@id":"https:\/\/www.aism.lu\/#website"},"primaryImageOfPage":{"@id":"https:\/\/www.aism.lu\/it\/messages\/loro-ramato-mining\/#primaryimage"},"image":{"@id":"https:\/\/www.aism.lu\/it\/messages\/loro-ramato-mining\/#primaryimage"},"thumbnailUrl":"https:\/\/www.aism.lu\/wp-content\/uploads\/2022\/09\/themessage.jpg","datePublished":"2021-10-10T18:31:00+00:00","dateModified":"2023-05-25T09:06:14+00:00","description":"Nel tempo, guidati dalle necessit\u00e0, abbiamo dato all\u2019oro colorazioni diverse. O meglio, abbiamo attribuito a materie prime di vitale importanza l\u2019appellativo di oro, colorandolo come la materia prima stessa.","breadcrumb":{"@id":"https:\/\/www.aism.lu\/it\/messages\/loro-ramato-mining\/#breadcrumb"},"inLanguage":"it-IT","potentialAction":[{"@type":"ReadAction","target":["https:\/\/www.aism.lu\/it\/messages\/loro-ramato-mining\/"]}]},{"@type":"ImageObject","inLanguage":"it-IT","@id":"https:\/\/www.aism.lu\/it\/messages\/loro-ramato-mining\/#primaryimage","url":"https:\/\/www.aism.lu\/wp-content\/uploads\/2022\/09\/themessage.jpg","contentUrl":"https:\/\/www.aism.lu\/wp-content\/uploads\/2022\/09\/themessage.jpg","width":594,"height":563},{"@type":"BreadcrumbList","@id":"https:\/\/www.aism.lu\/it\/messages\/loro-ramato-mining\/#breadcrumb","itemListElement":[{"@type":"ListItem","position":1,"name":"Messages","item":"https:\/\/www.aism.lu\/messages\/"},{"@type":"ListItem","position":2,"name":"L'oro ramato \u2013 Mining"}]},{"@type":"WebSite","@id":"https:\/\/www.aism.lu\/#website","url":"https:\/\/www.aism.lu\/","name":"AISM","description":"Management Company and Asset Manager","publisher":{"@id":"https:\/\/www.aism.lu\/#organization"},"potentialAction":[{"@type":"SearchAction","target":{"@type":"EntryPoint","urlTemplate":"https:\/\/www.aism.lu\/?s={search_term_string}"},"query-input":"required name=search_term_string"}],"inLanguage":"it-IT"},{"@type":"Organization","@id":"https:\/\/www.aism.lu\/#organization","name":"AISM","url":"https:\/\/www.aism.lu\/","logo":{"@type":"ImageObject","inLanguage":"it-IT","@id":"https:\/\/www.aism.lu\/#\/schema\/logo\/image\/","url":"https:\/\/www.aism.lu\/wp-content\/uploads\/2022\/09\/logo_color.svg","contentUrl":"https:\/\/www.aism.lu\/wp-content\/uploads\/2022\/09\/logo_color.svg","width":1398,"height":708,"caption":"AISM"},"image":{"@id":"https:\/\/www.aism.lu\/#\/schema\/logo\/image\/"}}]}},"_links":{"self":[{"href":"https:\/\/www.aism.lu\/it\/wp-json\/wp\/v2\/messages\/1454"}],"collection":[{"href":"https:\/\/www.aism.lu\/it\/wp-json\/wp\/v2\/messages"}],"about":[{"href":"https:\/\/www.aism.lu\/it\/wp-json\/wp\/v2\/types\/messages"}],"wp:featuredmedia":[{"embeddable":true,"href":"https:\/\/www.aism.lu\/it\/wp-json\/wp\/v2\/media\/176"}],"wp:attachment":[{"href":"https:\/\/www.aism.lu\/it\/wp-json\/wp\/v2\/media?parent=1454"}],"curies":[{"name":"wp","href":"https:\/\/api.w.org\/{rel}","templated":true}]}}